{"id":34,"date":"2019-03-03T16:56:18","date_gmt":"2019-03-03T16:56:18","guid":{"rendered":"http:\/\/272937.webhosting78.1blu.de\/MG\/?page_id=34"},"modified":"2021-11-24T11:07:14","modified_gmt":"2021-11-24T11:07:14","slug":"impressum","status":"publish","type":"page","link":"https:\/\/www.kletterkonzepte.de\/?page_id=34","title":{"rendered":"Impressum"},"content":{"rendered":"<p><strong><big>Impressum<\/big><\/strong><\/p>\n<p><strong><big>Angaben gem\u00e4\u00df \u00a7 5 TMG<\/big><\/strong><\/p>\n<p>Mathias Gransow<br \/>\nKletterkonzepte (Einzelunternehmer)<br \/>\nL\u00fcbberstedter Str. 23<br \/>\n28217 Bremen<\/p>\n<p><strong><big>Kontakt<\/big><\/strong><\/p>\n<p>Telefon: +49 (0) 421 3300782<br \/>\nE-Mail: info@kletterkonzepte.de<\/p>\n<p><strong><big>Umsatzsteuer-ID<\/big><\/strong><big><\/big><big><\/big><\/p>\n<p>Umsatzsteuer-Identifikationsnummer gem\u00e4\u00df \u00a727 a Umsatzsteuergesetz:<br \/>\nDE124090847<\/p>\n<p><strong>Berufsbezeichnung und berufsrechtliche Regelungen<\/strong><\/p>\n<p>Berufsbezeichnung: Fachagrarwirt f\u00fcr Baumpflege\/Baumsanierung<br \/>\nZust\u00e4ndige Kammer: Bremen<\/p>\n<p>Wir sind nicht bereit oder verpflichtet, an Streitbeilegungsverfahren vor einer Verbraucherschlichtungsstelle<br \/>\nteilzunehmen.<\/p>\n<p><strong>Haftung f\u00fcr Inhalte<\/strong><\/p>\n<p>Als Diensteanbieter sind wir gem\u00e4\u00df \u00a7 7 Abs.1 TMG<br \/>\nf\u00fcr eigene Inhalte auf diesen Seiten nach den allgemeinen Gesetzen verantwortlich. Nach \u00a7\u00a7 8 bis 10<br \/>\nTMG sind wir als Diensteanbieter jedoch nicht verpflichtet, \u00fcbermittelte oder gespeicherte fremde<br \/>\nInformationen zu \u00fcberwachen oder nach Umst\u00e4nden zu forschen, die auf eine rechtswidrige<br \/>\nT\u00e4tigkeit hinweisen.<\/p>\n<p>Verpflichtungen zur Entfernung oder Sperrung der Nutzung von Informationen<br \/>\nnach den allgemeinen Gesetzen bleiben hiervon unber\u00fchrt. Eine diesbez\u00fcgliche Haftung ist jedoch erst<br \/>\nab dem Zeitpunkt der Kenntnis einer konkreten Rechtsverletzung m\u00f6glich. Bei Bekanntwerden von<br \/>\nentsprechenden Rechtsverletzungen werden wir diese Inhalte umgehend entfernen.<\/p>\n<p><strong>Haftung f\u00fcr<br \/>\nLinks<\/strong><\/p>\n<p>Unser Angebot enth\u00e4lt Links zu externen Websites Dritter, auf deren Inhalte wir keinen<br \/>\nEinfluss haben. Deshalb k\u00f6nnen wir f\u00fcr diese fremden Inhalte auch keine Gew\u00e4hr<br \/>\n\u00fcbernehmen. F\u00fcr die Inhalte der verlinkten Seiten ist stets der jeweilige Anbieter oder Betreiber der<br \/>\nSeiten verantwortlich. Die verlinkten Seiten wurden zum Zeitpunkt der Verlinkung auf m\u00f6gliche<br \/>\nRechtsverst\u00f6\u00dfe \u00fcberpr\u00fcft. Rechtswidrige Inhalte waren zum Zeitpunkt der Verlinkung nicht<br \/>\nerkennbar.<\/p>\n<p>Eine permanente inhaltliche Kontrolle der verlinkten Seiten ist jedoch ohne konkrete<br \/>\nAnhaltspunkte einer Rechtsverletzung nicht zumutbar. Bei Bekanntwerden von Rechtsverletzungen werden wir<br \/>\nderartige Links umgehend entfernen.<\/p>\n<p><strong>Urheberrecht<\/strong><\/p>\n<p>Die durch die Seitenbetreiber erstellten Inhalte und Werke auf diesen Seiten unterliegen dem deutschen<br \/>\nUrheberrecht. Die Vervielf\u00e4ltigung, Bearbeitung, Verbreitung und jede Art der Verwertung au\u00dferhalb der<br \/>\nGrenzen des Urheberrechtes bed\u00fcrfen der schriftlichen Zustimmung des jeweiligen Autors bzw. Erstellers.<br \/>\nDownloads und Kopien dieser Seite sind nur f\u00fcr den privaten, nicht kommerziellen Gebrauch gestattet.<\/p>\n<p>Soweit die Inhalte auf dieser Seite nicht vom Betreiber erstellt wurden, werden die Urheberrechte Dritter<br \/>\nbeachtet. Insbesondere werden Inhalte Dritter als solche gekennzeichnet. Sollten Sie trotzdem auf eine<br \/>\nUrheberrechtsverletzung aufmerksam werden, bitten wir um einen entsprechenden Hinweis. Bei<br \/>\nBekanntwerden von Rechtsverletzungen werden wir derartige Inhalte umgehend entfernen.<\/p>\n","protected":false},"excerpt":{"rendered":"<p>Impressum Angaben gem\u00e4\u00df \u00a7 5 TMG Mathias Gransow Kletterkonzepte (Einzelunternehmer) L\u00fcbberstedter Str. 23 28217 Bremen Kontakt Telefon: +49 (0) 421 3300782 E-Mail: info@kletterkonzepte.de Umsatzsteuer-ID Umsatzsteuer-Identifikationsnummer gem\u00e4\u00df \u00a727 a Umsatzsteuergesetz: DE124090847 Berufsbezeichnung und berufsrechtliche Regelungen Berufsbezeichnung: Fachagrarwirt f\u00fcr Baumpflege\/Baumsanierung Zust\u00e4ndige Kammer: Bremen Wir sind nicht bereit oder verpflichtet, an Streitbeilegungsverfahren vor einer Verbraucherschlichtungsstelle teilzunehmen. Haftung f\u00fcr &hellip; <\/p>\n<p class=\"link-more\"><a href=\"https:\/\/www.kletterkonzepte.de\/?page_id=34\" class=\"more-link\"><span class=\"screen-reader-text\">\u201eImpressum\u201c<\/span> weiterlesen<\/a><\/p>\n","protected":false},"author":1,"featured_media":0,"parent":0,"menu_order":0,"comment_status":"closed","ping_status":"closed","template":"","meta":{"footnotes":""},"class_list":["post-34","page","type-page","status-publish","hentry","entry"],"yoast_head":"<!-- This site is optimized with the Yoast SEO plugin v27.5 - https:\/\/yoast.com\/product\/yoast-seo-wordpress\/ -->\n<title>Impressum - Mathias Gransow<\/title>\n<meta name=\"robots\" content=\"index, follow, max-snippet:-1, max-image-preview:large, max-video-preview:-1\" \/>\n<link rel=\"canonical\" href=\"https:\/\/www.kletterkonzepte.de\/?page_id=34\" \/>\n<meta property=\"og:locale\" content=\"de_DE\" \/>\n<meta property=\"og:type\" content=\"article\" \/>\n<meta property=\"og:title\" content=\"Impressum - Mathias Gransow\" \/>\n<meta property=\"og:description\" content=\"Impressum Angaben gem\u00e4\u00df \u00a7 5 TMG Mathias Gransow Kletterkonzepte (Einzelunternehmer) L\u00fcbberstedter Str. 23 28217 Bremen Kontakt Telefon: +49 (0) 421 3300782 E-Mail: info@kletterkonzepte.de Umsatzsteuer-ID Umsatzsteuer-Identifikationsnummer gem\u00e4\u00df \u00a727 a Umsatzsteuergesetz: DE124090847 Berufsbezeichnung und berufsrechtliche Regelungen Berufsbezeichnung: Fachagrarwirt f\u00fcr Baumpflege\/Baumsanierung Zust\u00e4ndige Kammer: Bremen Wir sind nicht bereit oder verpflichtet, an Streitbeilegungsverfahren vor einer Verbraucherschlichtungsstelle teilzunehmen. Haftung f\u00fcr &hellip; \u201eImpressum\u201c weiterlesen\" \/>\n<meta property=\"og:url\" content=\"https:\/\/www.kletterkonzepte.de\/?page_id=34\" \/>\n<meta property=\"og:site_name\" content=\"Mathias Gransow\" \/>\n<meta property=\"article:modified_time\" content=\"2021-11-24T11:07:14+00:00\" \/>\n<meta name=\"twitter:card\" content=\"summary_large_image\" \/>\n<meta name=\"twitter:label1\" content=\"Gesch\u00e4tzte Lesezeit\" \/>\n\t<meta name=\"twitter:data1\" content=\"2\u00a0Minuten\" \/>\n<script type=\"application\/ld+json\" class=\"yoast-schema-graph\">{\"@context\":\"https:\\\/\\\/schema.org\",\"@graph\":[{\"@type\":\"WebPage\",\"@id\":\"https:\\\/\\\/www.kletterkonzepte.de\\\/?page_id=34\",\"url\":\"https:\\\/\\\/www.kletterkonzepte.de\\\/?page_id=34\",\"name\":\"Impressum - Mathias Gransow\",\"isPartOf\":{\"@id\":\"https:\\\/\\\/www.kletterkonzepte.de\\\/#website\"},\"datePublished\":\"2019-03-03T16:56:18+00:00\",\"dateModified\":\"2021-11-24T11:07:14+00:00\",\"breadcrumb\":{\"@id\":\"https:\\\/\\\/www.kletterkonzepte.de\\\/?page_id=34#breadcrumb\"},\"inLanguage\":\"de\",\"potentialAction\":[{\"@type\":\"ReadAction\",\"target\":[\"https:\\\/\\\/www.kletterkonzepte.de\\\/?page_id=34\"]}]},{\"@type\":\"BreadcrumbList\",\"@id\":\"https:\\\/\\\/www.kletterkonzepte.de\\\/?page_id=34#breadcrumb\",\"itemListElement\":[{\"@type\":\"ListItem\",\"position\":1,\"name\":\"Startseite\",\"item\":\"https:\\\/\\\/www.kletterkonzepte.de\\\/\"},{\"@type\":\"ListItem\",\"position\":2,\"name\":\"Impressum\"}]},{\"@type\":\"WebSite\",\"@id\":\"https:\\\/\\\/www.kletterkonzepte.de\\\/#website\",\"url\":\"https:\\\/\\\/www.kletterkonzepte.de\\\/\",\"name\":\"Mathias Gransow - Der Baumspezialist\",\"description\":\"Der Kletterspezialist\",\"publisher\":{\"@id\":\"https:\\\/\\\/www.kletterkonzepte.de\\\/#organization\"},\"potentialAction\":[{\"@type\":\"SearchAction\",\"target\":{\"@type\":\"EntryPoint\",\"urlTemplate\":\"https:\\\/\\\/www.kletterkonzepte.de\\\/?s={search_term_string}\"},\"query-input\":{\"@type\":\"PropertyValueSpecification\",\"valueRequired\":true,\"valueName\":\"search_term_string\"}}],\"inLanguage\":\"de\"},{\"@type\":\"Organization\",\"@id\":\"https:\\\/\\\/www.kletterkonzepte.de\\\/#organization\",\"name\":\"Kletterkonzepte.de\",\"url\":\"https:\\\/\\\/www.kletterkonzepte.de\\\/\",\"logo\":{\"@type\":\"ImageObject\",\"inLanguage\":\"de\",\"@id\":\"https:\\\/\\\/www.kletterkonzepte.de\\\/#\\\/schema\\\/logo\\\/image\\\/\",\"url\":\"https:\\\/\\\/www.kletterkonzepte.de\\\/wp-content\\\/uploads\\\/2019\\\/11\\\/MG.jpg\",\"contentUrl\":\"https:\\\/\\\/www.kletterkonzepte.de\\\/wp-content\\\/uploads\\\/2019\\\/11\\\/MG.jpg\",\"width\":791,\"height\":609,\"caption\":\"Kletterkonzepte.de\"},\"image\":{\"@id\":\"https:\\\/\\\/www.kletterkonzepte.de\\\/#\\\/schema\\\/logo\\\/image\\\/\"}}]}<\/script>\n<!-- \/ Yoast SEO plugin. -->","yoast_head_json":{"title":"Impressum - Mathias Gransow","robots":{"index":"index","follow":"follow","max-snippet":"max-snippet:-1","max-image-preview":"max-image-preview:large","max-video-preview":"max-video-preview:-1"},"canonical":"https:\/\/www.kletterkonzepte.de\/?page_id=34","og_locale":"de_DE","og_type":"article","og_title":"Impressum - Mathias Gransow","og_description":"Impressum Angaben gem\u00e4\u00df \u00a7 5 TMG Mathias Gransow Kletterkonzepte (Einzelunternehmer) L\u00fcbberstedter Str. 23 28217 Bremen Kontakt Telefon: +49 (0) 421 3300782 E-Mail: info@kletterkonzepte.de Umsatzsteuer-ID Umsatzsteuer-Identifikationsnummer gem\u00e4\u00df \u00a727 a Umsatzsteuergesetz: DE124090847 Berufsbezeichnung und berufsrechtliche Regelungen Berufsbezeichnung: Fachagrarwirt f\u00fcr Baumpflege\/Baumsanierung Zust\u00e4ndige Kammer: Bremen Wir sind nicht bereit oder verpflichtet, an Streitbeilegungsverfahren vor einer Verbraucherschlichtungsstelle teilzunehmen. Haftung f\u00fcr &hellip; \u201eImpressum\u201c weiterlesen","og_url":"https:\/\/www.kletterkonzepte.de\/?page_id=34","og_site_name":"Mathias Gransow","article_modified_time":"2021-11-24T11:07:14+00:00","twitter_card":"summary_large_image","twitter_misc":{"Gesch\u00e4tzte Lesezeit":"2\u00a0Minuten"},"schema":{"@context":"https:\/\/schema.org","@graph":[{"@type":"WebPage","@id":"https:\/\/www.kletterkonzepte.de\/?page_id=34","url":"https:\/\/www.kletterkonzepte.de\/?page_id=34","name":"Impressum - Mathias Gransow","isPartOf":{"@id":"https:\/\/www.kletterkonzepte.de\/#website"},"datePublished":"2019-03-03T16:56:18+00:00","dateModified":"2021-11-24T11:07:14+00:00","breadcrumb":{"@id":"https:\/\/www.kletterkonzepte.de\/?page_id=34#breadcrumb"},"inLanguage":"de","potentialAction":[{"@type":"ReadAction","target":["https:\/\/www.kletterkonzepte.de\/?page_id=34"]}]},{"@type":"BreadcrumbList","@id":"https:\/\/www.kletterkonzepte.de\/?page_id=34#breadcrumb","itemListElement":[{"@type":"ListItem","position":1,"name":"Startseite","item":"https:\/\/www.kletterkonzepte.de\/"},{"@type":"ListItem","position":2,"name":"Impressum"}]},{"@type":"WebSite","@id":"https:\/\/www.kletterkonzepte.de\/#website","url":"https:\/\/www.kletterkonzepte.de\/","name":"Mathias Gransow - Der Baumspezialist","description":"Der Kletterspezialist","publisher":{"@id":"https:\/\/www.kletterkonzepte.de\/#organization"},"potentialAction":[{"@type":"SearchAction","target":{"@type":"EntryPoint","urlTemplate":"https:\/\/www.kletterkonzepte.de\/?s={search_term_string}"},"query-input":{"@type":"PropertyValueSpecification","valueRequired":true,"valueName":"search_term_string"}}],"inLanguage":"de"},{"@type":"Organization","@id":"https:\/\/www.kletterkonzepte.de\/#organization","name":"Kletterkonzepte.de","url":"https:\/\/www.kletterkonzepte.de\/","logo":{"@type":"ImageObject","inLanguage":"de","@id":"https:\/\/www.kletterkonzepte.de\/#\/schema\/logo\/image\/","url":"https:\/\/www.kletterkonzepte.de\/wp-content\/uploads\/2019\/11\/MG.jpg","contentUrl":"https:\/\/www.kletterkonzepte.de\/wp-content\/uploads\/2019\/11\/MG.jpg","width":791,"height":609,"caption":"Kletterkonzepte.de"},"image":{"@id":"https:\/\/www.kletterkonzepte.de\/#\/schema\/logo\/image\/"}}]}},"_links":{"self":[{"href":"https:\/\/www.kletterkonzepte.de\/index.php?rest_route=\/wp\/v2\/pages\/34","targetHints":{"allow":["GET"]}}],"collection":[{"href":"https:\/\/www.kletterkonzepte.de\/index.php?rest_route=\/wp\/v2\/pages"}],"about":[{"href":"https:\/\/www.kletterkonzepte.de\/index.php?rest_route=\/wp\/v2\/types\/page"}],"author":[{"embeddable":true,"href":"https:\/\/www.kletterkonzepte.de\/index.php?rest_route=\/wp\/v2\/users\/1"}],"replies":[{"embeddable":true,"href":"https:\/\/www.kletterkonzepte.de\/index.php?rest_route=%2Fwp%2Fv2%2Fcomments&post=34"}],"version-history":[{"count":20,"href":"https:\/\/www.kletterkonzepte.de\/index.php?rest_route=\/wp\/v2\/pages\/34\/revisions"}],"predecessor-version":[{"id":269,"href":"https:\/\/www.kletterkonzepte.de\/index.php?rest_route=\/wp\/v2\/pages\/34\/revisions\/269"}],"wp:attachment":[{"href":"https:\/\/www.kletterkonzepte.de\/index.php?rest_route=%2Fwp%2Fv2%2Fmedia&parent=34"}],"curies":[{"name":"wp","href":"https:\/\/api.w.org\/{rel}","templated":true}]}}