{"id":4,"date":"2019-03-03T16:09:56","date_gmt":"2019-03-03T16:09:56","guid":{"rendered":"http:\/\/272937.webhosting78.1blu.de\/MG\/?page_id=4"},"modified":"2022-11-22T18:15:31","modified_gmt":"2022-11-22T18:15:31","slug":"der-kletterspezialist","status":"publish","type":"page","link":"https:\/\/www.kletterkonzepte.de\/","title":{"rendered":"Der Kletterspezialist"},"content":{"rendered":"<p><img decoding=\"async\" width=\"640\" height=\"293\" src=\"http:\/\/www.kletterkonzepte.de\/wp-content\/uploads\/2019\/03\/Logo-M.Gransow.png\" alt=\"\" loading=\"lazy\" srcset=\"https:\/\/www.kletterkonzepte.de\/wp-content\/uploads\/2019\/03\/Logo-M.Gransow.png 748w, https:\/\/www.kletterkonzepte.de\/wp-content\/uploads\/2019\/03\/Logo-M.Gransow-300x138.png 300w\" sizes=\"auto, (max-width: 640px) 100vw, 640px\" \/><br \/>\n\t\t\tDer Baumspezialist\t\t<\/p>\n<p>B\u00e4ume sind Teil unseres Lebensraumes, sie beeinflussen das Klima positiv, verbessern die Luftqualit\u00e4t, speichern Wasser und bieten Schutz. Als Baumspezialisten sorgen wir f\u00fcr ein sicheres und gelungenes Miteinander von Mensch und Baum. Wir unterst\u00fctzen Baumeigent\u00fcmer mit unseren Fachkenntnissen und technischen M\u00f6glichkeiten auch in Bezug auf die Verkehrssicherungspflicht.<br \/>Ob Totholz in der Krone \u00fcber Gehwegen und Stra\u00dfen oder alte Baumveteranen im Garten: Hier ist ein Eingriff am Baum oft unerl\u00e4sslich. Dabei kommt unsere baum- und baumumfeldschonende Seilklettertechnik zum Einsatz.<br \/>F\u00fcr anspruchsvolle und \u00f6kologisch orientierte Baumpflege, Baumsanierung, Baumf\u00e4llungen und Baumpflanzungen sind wir die richtigen Ansprechpartner.<\/p>\n<p><strong> Unsere Angebote und Beratungen sind selbstverst\u00e4ndlich kostenlos.<\/strong> <\/p>\n<p>\t\t\tAuf einen Blick\t\t<\/p>\n<h5>Deutsche Baumklettermeisterschaft 2022 Masters<\/h5>\n<p>\t\t\t\t\t\t\t\t\t\t\t\t\t\t\t<img decoding=\"async\" width=\"640\" height=\"963\" src=\"http:\/\/www.kletterkonzepte.de\/wp-content\/uploads\/2022\/11\/NZ6_1229_klein-768x1155.jpg\" alt=\"\" loading=\"lazy\" srcset=\"https:\/\/www.kletterkonzepte.de\/wp-content\/uploads\/2022\/11\/NZ6_1229_klein-768x1155.jpg 768w, https:\/\/www.kletterkonzepte.de\/wp-content\/uploads\/2022\/11\/NZ6_1229_klein-200x300.jpg 200w, https:\/\/www.kletterkonzepte.de\/wp-content\/uploads\/2022\/11\/NZ6_1229_klein-681x1024.jpg 681w, https:\/\/www.kletterkonzepte.de\/wp-content\/uploads\/2022\/11\/NZ6_1229_klein.jpg 874w\" sizes=\"auto, (max-width: 640px) 100vw, 640px\" \/><br \/>\n\t\t\t\t\t\t\t\t\t\t\t\t\t\t\t<img decoding=\"async\" width=\"640\" height=\"961\" src=\"http:\/\/www.kletterkonzepte.de\/wp-content\/uploads\/2022\/11\/NZ6_1268_klein-682x1024.jpg\" alt=\"\" loading=\"lazy\" srcset=\"https:\/\/www.kletterkonzepte.de\/wp-content\/uploads\/2022\/11\/NZ6_1268_klein-682x1024.jpg 682w, https:\/\/www.kletterkonzepte.de\/wp-content\/uploads\/2022\/11\/NZ6_1268_klein-200x300.jpg 200w, https:\/\/www.kletterkonzepte.de\/wp-content\/uploads\/2022\/11\/NZ6_1268_klein.jpg 699w\" sizes=\"auto, (max-width: 640px) 100vw, 640px\" \/><br \/>\n\t\t\t\t\t\t\t\t\t\t\t\t\t\t\t<img decoding=\"async\" width=\"640\" height=\"426\" src=\"http:\/\/www.kletterkonzepte.de\/wp-content\/uploads\/2022\/11\/NZ6_1258_klein-768x511.jpg\" alt=\"\" loading=\"lazy\" srcset=\"https:\/\/www.kletterkonzepte.de\/wp-content\/uploads\/2022\/11\/NZ6_1258_klein-768x511.jpg 768w, https:\/\/www.kletterkonzepte.de\/wp-content\/uploads\/2022\/11\/NZ6_1258_klein-300x200.jpg 300w, https:\/\/www.kletterkonzepte.de\/wp-content\/uploads\/2022\/11\/NZ6_1258_klein-1024x682.jpg 1024w, https:\/\/www.kletterkonzepte.de\/wp-content\/uploads\/2022\/11\/NZ6_1258_klein.jpg 1361w\" sizes=\"auto, (max-width: 640px) 100vw, 640px\" \/><br \/>\n\t\t\t\t\t\t\t\t\t\t\t\t\t\t\t<img decoding=\"async\" width=\"640\" height=\"509\" src=\"http:\/\/www.kletterkonzepte.de\/wp-content\/uploads\/2019\/03\/Motiv-3_Mathias-Gransow.png\" alt=\"\" loading=\"lazy\" srcset=\"https:\/\/www.kletterkonzepte.de\/wp-content\/uploads\/2019\/03\/Motiv-3_Mathias-Gransow.png 802w, https:\/\/www.kletterkonzepte.de\/wp-content\/uploads\/2019\/03\/Motiv-3_Mathias-Gransow-300x239.png 300w, https:\/\/www.kletterkonzepte.de\/wp-content\/uploads\/2019\/03\/Motiv-3_Mathias-Gransow-768x611.png 768w\" sizes=\"auto, (max-width: 640px) 100vw, 640px\" \/><br \/>\n\t\t\t\t\t\t\t\t\t\t\t\t\t\t\t<img decoding=\"async\" width=\"640\" height=\"508\" src=\"http:\/\/www.kletterkonzepte.de\/wp-content\/uploads\/2019\/03\/Motiv-2_Mathias-Gransow.png\" alt=\"\" loading=\"lazy\" srcset=\"https:\/\/www.kletterkonzepte.de\/wp-content\/uploads\/2019\/03\/Motiv-2_Mathias-Gransow.png 802w, https:\/\/www.kletterkonzepte.de\/wp-content\/uploads\/2019\/03\/Motiv-2_Mathias-Gransow-300x238.png 300w, https:\/\/www.kletterkonzepte.de\/wp-content\/uploads\/2019\/03\/Motiv-2_Mathias-Gransow-768x609.png 768w\" sizes=\"auto, (max-width: 640px) 100vw, 640px\" \/><br \/>\n\t\t\t\t\t\t\t\t\t\t\t\t\t\t\t<img decoding=\"async\" width=\"640\" height=\"508\" src=\"http:\/\/www.kletterkonzepte.de\/wp-content\/uploads\/2019\/03\/Motiv-1_Mathias-Gransow.png\" alt=\"\" loading=\"lazy\" srcset=\"https:\/\/www.kletterkonzepte.de\/wp-content\/uploads\/2019\/03\/Motiv-1_Mathias-Gransow.png 802w, https:\/\/www.kletterkonzepte.de\/wp-content\/uploads\/2019\/03\/Motiv-1_Mathias-Gransow-300x238.png 300w, https:\/\/www.kletterkonzepte.de\/wp-content\/uploads\/2019\/03\/Motiv-1_Mathias-Gransow-768x610.png 768w\" sizes=\"auto, (max-width: 640px) 100vw, 640px\" \/>\t\t\t\t\t\t\t\t\t\t\t\t\t\t\t<\/p>\n<figure>\n\t\t\t\t\t\t\t\t\t\t<img decoding=\"async\" width=\"640\" height=\"480\" src=\"http:\/\/www.kletterkonzepte.de\/wp-content\/uploads\/2021\/02\/Arbeitseinsatz-unter-erschwerten-Bedingungen-768x576.jpg\" alt=\"\" loading=\"lazy\" srcset=\"https:\/\/www.kletterkonzepte.de\/wp-content\/uploads\/2021\/02\/Arbeitseinsatz-unter-erschwerten-Bedingungen-768x576.jpg 768w, https:\/\/www.kletterkonzepte.de\/wp-content\/uploads\/2021\/02\/Arbeitseinsatz-unter-erschwerten-Bedingungen-300x225.jpg 300w, https:\/\/www.kletterkonzepte.de\/wp-content\/uploads\/2021\/02\/Arbeitseinsatz-unter-erschwerten-Bedingungen-1024x768.jpg 1024w, https:\/\/www.kletterkonzepte.de\/wp-content\/uploads\/2021\/02\/Arbeitseinsatz-unter-erschwerten-Bedingungen-1536x1152.jpg 1536w, https:\/\/www.kletterkonzepte.de\/wp-content\/uploads\/2021\/02\/Arbeitseinsatz-unter-erschwerten-Bedingungen-1568x1176.jpg 1568w, https:\/\/www.kletterkonzepte.de\/wp-content\/uploads\/2021\/02\/Arbeitseinsatz-unter-erschwerten-Bedingungen.jpg 1600w\" sizes=\"auto, (max-width: 640px) 100vw, 640px\" \/><figcaption>Arbeitseinsatz unter erschwerten Bedingungen<\/figcaption><\/figure>\n<p>\t\t\t\t\t\t\t\t\t\t\t\t\t\t\t<img decoding=\"async\" width=\"640\" height=\"291\" src=\"http:\/\/www.kletterkonzepte.de\/wp-content\/uploads\/2021\/04\/mg-lastenfahr-small-1024x466.jpg\" alt=\"\" loading=\"lazy\" srcset=\"https:\/\/www.kletterkonzepte.de\/wp-content\/uploads\/2021\/04\/mg-lastenfahr-small-1024x466.jpg 1024w, https:\/\/www.kletterkonzepte.de\/wp-content\/uploads\/2021\/04\/mg-lastenfahr-small-300x136.jpg 300w, https:\/\/www.kletterkonzepte.de\/wp-content\/uploads\/2021\/04\/mg-lastenfahr-small-768x349.jpg 768w, https:\/\/www.kletterkonzepte.de\/wp-content\/uploads\/2021\/04\/mg-lastenfahr-small-1536x698.jpg 1536w, https:\/\/www.kletterkonzepte.de\/wp-content\/uploads\/2021\/04\/mg-lastenfahr-small-2048x931.jpg 2048w, https:\/\/www.kletterkonzepte.de\/wp-content\/uploads\/2021\/04\/mg-lastenfahr-small-1568x713.jpg 1568w\" sizes=\"auto, (max-width: 640px) 100vw, 640px\" \/>\t\t\t\t\t\t\t\t\t\t\t\t\t\t\t<\/p>\n<figure>\n\t\t\t\t\t\t\t\t\t\t<img decoding=\"async\" width=\"640\" height=\"853\" src=\"http:\/\/www.kletterkonzepte.de\/wp-content\/uploads\/2021\/03\/signal-2021-02-19-170429_003-768x1024.jpeg\" alt=\"\" loading=\"lazy\" srcset=\"https:\/\/www.kletterkonzepte.de\/wp-content\/uploads\/2021\/03\/signal-2021-02-19-170429_003-768x1024.jpeg 768w, https:\/\/www.kletterkonzepte.de\/wp-content\/uploads\/2021\/03\/signal-2021-02-19-170429_003-225x300.jpeg 225w, https:\/\/www.kletterkonzepte.de\/wp-content\/uploads\/2021\/03\/signal-2021-02-19-170429_003.jpeg 1152w\" sizes=\"auto, (max-width: 640px) 100vw, 640px\" \/><figcaption>Baumf\u00e4llung bei sch\u00f6nstem Fr\u00fchlingswetter<\/figcaption><\/figure>\n<p>\t\t<div style=\"width: 640px;\" class=\"wp-video\"><video class=\"wp-video-shortcode\" id=\"video-4-1\" width=\"640\" height=\"360\" preload=\"metadata\" controls=\"controls\"><source type=\"video\/mp4\" src=\"http:\/\/www.kletterkonzepte.de\/wp-content\/uploads\/2022\/09\/Mathias-Gransow-Kletterkonzepte.mp4?_=1\" \/><a href=\"http:\/\/www.kletterkonzepte.de\/wp-content\/uploads\/2022\/09\/Mathias-Gransow-Kletterkonzepte.mp4\">http:\/\/www.kletterkonzepte.de\/wp-content\/uploads\/2022\/09\/Mathias-Gransow-Kletterkonzepte.mp4<\/a><\/video><\/div><br \/>\n\t\t\tLeistung &#038; Qualifikation\t\t<\/p>\n<ul>\n<li>Baumpflege<\/li>\n<li>Baumsanierung<\/li>\n<li>Seilklettertechnik<\/li>\n<li>Baumf\u00e4llung<\/li>\n<li>Baumschutz auf Baustellen<\/li>\n<li>Visuelle Baumkontrolle<\/li>\n<\/ul>\n<ul>\n<li>Akkreditierter Ausbilder f\u00fcr SKT<\/li>\n<li>Sachkundigen-Pr\u00fcfung von<br \/>Kletterausr\u00fcstungen nach BGG 906<\/li>\n<li>Seilunterst\u00fctzte Zugangstechnik an<br \/>Geb\u00e4uden (Industrieklettern)<\/li>\n<\/ul>\n<p>\u00a0\u00a0 Mathias Gransow | Telefon 0421 3300782 | Mobil 0177 6324459\u00a0<\/p>\n<h5><a href=\"http:\/\/www.kletterkonzepte.de\/?page_id=34\/\">Impressum<\/a> \u00a0 <a href=\"http:\/\/www.kletterkonzepte.de\/?page_id=36\/\">Datenschutz<\/a>\u00a0\u00a0 <a href=\"http:\/\/www.kletterkonzepte.de\/?page_id=66\">Kontakt<\/a><\/h5>\n<p>\t\t\tKollegiale Links:\t\t<\/p>\n<ul>\n<li>\n\t\t\t\t\t\t\t\t\t\t\t<a href=\"https:\/\/www.die-kletterer.com\/\" target=\"_blank\" rel=\"noopener\"><br \/>\n\t\t\t\t\t\t\t\t\t\tdie-kletterer.com<br \/>\n\t\t\t\t\t\t\t\t\t\t\t<\/a>\n\t\t\t\t\t\t\t\t\t<\/li>\n<li>\n\t\t\t\t\t\t\t\t\t\t\t<a href=\"https:\/\/baumurban.de\/\" target=\"_blank\" rel=\"noopener\"><br \/>\n\t\t\t\t\t\t\t\t\t\tbaumurban.de<br \/>\n\t\t\t\t\t\t\t\t\t\t\t<\/a>\n\t\t\t\t\t\t\t\t\t<\/li>\n<li>\n\t\t\t\t\t\t\t\t\t\t\t<a href=\"http:\/\/www.climbtools.de\/\" target=\"_blank\" rel=\"noopener\"><br \/>\n\t\t\t\t\t\t\t\t\t\tclimbtools.de<br \/>\n\t\t\t\t\t\t\t\t\t\t\t<\/a>\n\t\t\t\t\t\t\t\t\t<\/li>\n<li>\n\t\t\t\t\t\t\t\t\t\t\t<a href=\"https:\/\/www.freeworker.de\/\" target=\"_blank\" rel=\"noopener\"><br \/>\n\t\t\t\t\t\t\t\t\t\tfreeworker.de<br \/>\n\t\t\t\t\t\t\t\t\t\t\t<\/a>\n\t\t\t\t\t\t\t\t\t<\/li>\n<li>\n\t\t\t\t\t\t\t\t\t\t\t<a href=\"http:\/\/arborteam.de\/\" target=\"_blank\" rel=\"noopener\"><br \/>\n\t\t\t\t\t\t\t\t\t\tarborteam.de<br \/>\n\t\t\t\t\t\t\t\t\t\t\t<\/a>\n\t\t\t\t\t\t\t\t\t<\/li>\n<\/ul>\n","protected":false},"excerpt":{"rendered":"<p>Der Baumspezialist B\u00e4ume sind Teil unseres Lebensraumes, sie beeinflussen das Klima positiv, verbessern die Luftqualit\u00e4t, speichern Wasser und bieten Schutz. Als Baumspezialisten sorgen wir f\u00fcr ein sicheres und gelungenes Miteinander von Mensch und Baum. Wir unterst\u00fctzen Baumeigent\u00fcmer mit unseren Fachkenntnissen und technischen M\u00f6glichkeiten auch in Bezug auf die Verkehrssicherungspflicht.Ob Totholz in der Krone \u00fcber Gehwegen &hellip; <\/p>\n<p class=\"link-more\"><a href=\"https:\/\/www.kletterkonzepte.de\/\" class=\"more-link\"><span class=\"screen-reader-text\">\u201eDer Kletterspezialist\u201c<\/span> weiterlesen<\/a><\/p>\n","protected":false},"author":1,"featured_media":10,"parent":0,"menu_order":0,"comment_status":"closed","ping_status":"closed","template":"elementor_canvas","meta":{"footnotes":""},"class_list":["post-4","page","type-page","status-publish","has-post-thumbnail","hentry","entry"],"yoast_head":"<!-- This site is optimized with the Yoast SEO plugin v27.5 - https:\/\/yoast.com\/product\/yoast-seo-wordpress\/ -->\n<title>Der Kletterspezialist - Mathias Gransow<\/title>\n<meta name=\"description\" content=\"F\u00fcr anspruchsvolle und \u00f6kologisch orientierte Baumpflege, Baumsanierung, Baumf\u00e4llungen, Obstbaumschnitt und Baumpflanzungen in Bremen.\" \/>\n<meta name=\"robots\" content=\"index, follow, max-snippet:-1, max-image-preview:large, max-video-preview:-1\" \/>\n<link rel=\"canonical\" href=\"https:\/\/www.kletterkonzepte.de\/\" \/>\n<meta property=\"og:locale\" content=\"de_DE\" \/>\n<meta property=\"og:type\" content=\"article\" \/>\n<meta property=\"og:title\" content=\"Der Kletterspezialist - Mathias Gransow\" \/>\n<meta property=\"og:description\" content=\"F\u00fcr anspruchsvolle und \u00f6kologisch orientierte Baumpflege, Baumsanierung, Baumf\u00e4llungen, Obstbaumschnitt und Baumpflanzungen in Bremen.\" \/>\n<meta property=\"og:url\" content=\"https:\/\/www.kletterkonzepte.de\/\" \/>\n<meta property=\"og:site_name\" content=\"Mathias Gransow\" \/>\n<meta property=\"article:modified_time\" content=\"2022-11-22T18:15:31+00:00\" \/>\n<meta property=\"og:image\" content=\"http:\/\/www.kletterkonzepte.de\/wp-content\/uploads\/2019\/03\/Header-1024x390.png\" \/>\n\t<meta property=\"og:image:width\" content=\"1024\" \/>\n\t<meta property=\"og:image:height\" content=\"390\" \/>\n\t<meta property=\"og:image:type\" content=\"image\/png\" \/>\n<meta name=\"twitter:card\" content=\"summary_large_image\" \/>\n<meta name=\"twitter:label1\" content=\"Gesch\u00e4tzte Lesezeit\" \/>\n\t<meta name=\"twitter:data1\" content=\"3\u00a0Minuten\" \/>\n<script type=\"application\/ld+json\" class=\"yoast-schema-graph\">{\"@context\":\"https:\\\/\\\/schema.org\",\"@graph\":[{\"@type\":\"WebPage\",\"@id\":\"https:\\\/\\\/www.kletterkonzepte.de\\\/\",\"url\":\"https:\\\/\\\/www.kletterkonzepte.de\\\/\",\"name\":\"Der Kletterspezialist - Mathias Gransow\",\"isPartOf\":{\"@id\":\"https:\\\/\\\/www.kletterkonzepte.de\\\/#website\"},\"primaryImageOfPage\":{\"@id\":\"https:\\\/\\\/www.kletterkonzepte.de\\\/#primaryimage\"},\"image\":{\"@id\":\"https:\\\/\\\/www.kletterkonzepte.de\\\/#primaryimage\"},\"thumbnailUrl\":\"https:\\\/\\\/www.kletterkonzepte.de\\\/wp-content\\\/uploads\\\/2019\\\/03\\\/Header.png\",\"datePublished\":\"2019-03-03T16:09:56+00:00\",\"dateModified\":\"2022-11-22T18:15:31+00:00\",\"description\":\"F\u00fcr anspruchsvolle und \u00f6kologisch orientierte Baumpflege, Baumsanierung, Baumf\u00e4llungen, Obstbaumschnitt und Baumpflanzungen in Bremen.\",\"breadcrumb\":{\"@id\":\"https:\\\/\\\/www.kletterkonzepte.de\\\/#breadcrumb\"},\"inLanguage\":\"de\",\"potentialAction\":[{\"@type\":\"ReadAction\",\"target\":[\"https:\\\/\\\/www.kletterkonzepte.de\\\/\"]}]},{\"@type\":\"ImageObject\",\"inLanguage\":\"de\",\"@id\":\"https:\\\/\\\/www.kletterkonzepte.de\\\/#primaryimage\",\"url\":\"https:\\\/\\\/www.kletterkonzepte.de\\\/wp-content\\\/uploads\\\/2019\\\/03\\\/Header.png\",\"contentUrl\":\"https:\\\/\\\/www.kletterkonzepte.de\\\/wp-content\\\/uploads\\\/2019\\\/03\\\/Header.png\",\"width\":2480,\"height\":944},{\"@type\":\"BreadcrumbList\",\"@id\":\"https:\\\/\\\/www.kletterkonzepte.de\\\/#breadcrumb\",\"itemListElement\":[{\"@type\":\"ListItem\",\"position\":1,\"name\":\"Startseite\",\"item\":\"https:\\\/\\\/www.kletterkonzepte.de\\\/\"},{\"@type\":\"ListItem\",\"position\":2,\"name\":\"Der Kletterspezialist\"}]},{\"@type\":\"WebSite\",\"@id\":\"https:\\\/\\\/www.kletterkonzepte.de\\\/#website\",\"url\":\"https:\\\/\\\/www.kletterkonzepte.de\\\/\",\"name\":\"Mathias Gransow - Der Baumspezialist\",\"description\":\"Der Kletterspezialist\",\"publisher\":{\"@id\":\"https:\\\/\\\/www.kletterkonzepte.de\\\/#organization\"},\"potentialAction\":[{\"@type\":\"SearchAction\",\"target\":{\"@type\":\"EntryPoint\",\"urlTemplate\":\"https:\\\/\\\/www.kletterkonzepte.de\\\/?s={search_term_string}\"},\"query-input\":{\"@type\":\"PropertyValueSpecification\",\"valueRequired\":true,\"valueName\":\"search_term_string\"}}],\"inLanguage\":\"de\"},{\"@type\":\"Organization\",\"@id\":\"https:\\\/\\\/www.kletterkonzepte.de\\\/#organization\",\"name\":\"Kletterkonzepte.de\",\"url\":\"https:\\\/\\\/www.kletterkonzepte.de\\\/\",\"logo\":{\"@type\":\"ImageObject\",\"inLanguage\":\"de\",\"@id\":\"https:\\\/\\\/www.kletterkonzepte.de\\\/#\\\/schema\\\/logo\\\/image\\\/\",\"url\":\"https:\\\/\\\/www.kletterkonzepte.de\\\/wp-content\\\/uploads\\\/2019\\\/11\\\/MG.jpg\",\"contentUrl\":\"https:\\\/\\\/www.kletterkonzepte.de\\\/wp-content\\\/uploads\\\/2019\\\/11\\\/MG.jpg\",\"width\":791,\"height\":609,\"caption\":\"Kletterkonzepte.de\"},\"image\":{\"@id\":\"https:\\\/\\\/www.kletterkonzepte.de\\\/#\\\/schema\\\/logo\\\/image\\\/\"}}]}<\/script>\n<!-- \/ Yoast SEO plugin. -->","yoast_head_json":{"title":"Der Kletterspezialist - Mathias Gransow","description":"F\u00fcr anspruchsvolle und \u00f6kologisch orientierte Baumpflege, Baumsanierung, Baumf\u00e4llungen, Obstbaumschnitt und Baumpflanzungen in Bremen.","robots":{"index":"index","follow":"follow","max-snippet":"max-snippet:-1","max-image-preview":"max-image-preview:large","max-video-preview":"max-video-preview:-1"},"canonical":"https:\/\/www.kletterkonzepte.de\/","og_locale":"de_DE","og_type":"article","og_title":"Der Kletterspezialist - Mathias Gransow","og_description":"F\u00fcr anspruchsvolle und \u00f6kologisch orientierte Baumpflege, Baumsanierung, Baumf\u00e4llungen, Obstbaumschnitt und Baumpflanzungen in Bremen.","og_url":"https:\/\/www.kletterkonzepte.de\/","og_site_name":"Mathias Gransow","article_modified_time":"2022-11-22T18:15:31+00:00","og_image":[{"width":1024,"height":390,"url":"http:\/\/www.kletterkonzepte.de\/wp-content\/uploads\/2019\/03\/Header-1024x390.png","type":"image\/png"}],"twitter_card":"summary_large_image","twitter_misc":{"Gesch\u00e4tzte Lesezeit":"3\u00a0Minuten"},"schema":{"@context":"https:\/\/schema.org","@graph":[{"@type":"WebPage","@id":"https:\/\/www.kletterkonzepte.de\/","url":"https:\/\/www.kletterkonzepte.de\/","name":"Der Kletterspezialist - Mathias Gransow","isPartOf":{"@id":"https:\/\/www.kletterkonzepte.de\/#website"},"primaryImageOfPage":{"@id":"https:\/\/www.kletterkonzepte.de\/#primaryimage"},"image":{"@id":"https:\/\/www.kletterkonzepte.de\/#primaryimage"},"thumbnailUrl":"https:\/\/www.kletterkonzepte.de\/wp-content\/uploads\/2019\/03\/Header.png","datePublished":"2019-03-03T16:09:56+00:00","dateModified":"2022-11-22T18:15:31+00:00","description":"F\u00fcr anspruchsvolle und \u00f6kologisch orientierte Baumpflege, Baumsanierung, Baumf\u00e4llungen, Obstbaumschnitt und Baumpflanzungen in Bremen.","breadcrumb":{"@id":"https:\/\/www.kletterkonzepte.de\/#breadcrumb"},"inLanguage":"de","potentialAction":[{"@type":"ReadAction","target":["https:\/\/www.kletterkonzepte.de\/"]}]},{"@type":"ImageObject","inLanguage":"de","@id":"https:\/\/www.kletterkonzepte.de\/#primaryimage","url":"https:\/\/www.kletterkonzepte.de\/wp-content\/uploads\/2019\/03\/Header.png","contentUrl":"https:\/\/www.kletterkonzepte.de\/wp-content\/uploads\/2019\/03\/Header.png","width":2480,"height":944},{"@type":"BreadcrumbList","@id":"https:\/\/www.kletterkonzepte.de\/#breadcrumb","itemListElement":[{"@type":"ListItem","position":1,"name":"Startseite","item":"https:\/\/www.kletterkonzepte.de\/"},{"@type":"ListItem","position":2,"name":"Der Kletterspezialist"}]},{"@type":"WebSite","@id":"https:\/\/www.kletterkonzepte.de\/#website","url":"https:\/\/www.kletterkonzepte.de\/","name":"Mathias Gransow - Der Baumspezialist","description":"Der Kletterspezialist","publisher":{"@id":"https:\/\/www.kletterkonzepte.de\/#organization"},"potentialAction":[{"@type":"SearchAction","target":{"@type":"EntryPoint","urlTemplate":"https:\/\/www.kletterkonzepte.de\/?s={search_term_string}"},"query-input":{"@type":"PropertyValueSpecification","valueRequired":true,"valueName":"search_term_string"}}],"inLanguage":"de"},{"@type":"Organization","@id":"https:\/\/www.kletterkonzepte.de\/#organization","name":"Kletterkonzepte.de","url":"https:\/\/www.kletterkonzepte.de\/","logo":{"@type":"ImageObject","inLanguage":"de","@id":"https:\/\/www.kletterkonzepte.de\/#\/schema\/logo\/image\/","url":"https:\/\/www.kletterkonzepte.de\/wp-content\/uploads\/2019\/11\/MG.jpg","contentUrl":"https:\/\/www.kletterkonzepte.de\/wp-content\/uploads\/2019\/11\/MG.jpg","width":791,"height":609,"caption":"Kletterkonzepte.de"},"image":{"@id":"https:\/\/www.kletterkonzepte.de\/#\/schema\/logo\/image\/"}}]}},"_links":{"self":[{"href":"https:\/\/www.kletterkonzepte.de\/index.php?rest_route=\/wp\/v2\/pages\/4","targetHints":{"allow":["GET"]}}],"collection":[{"href":"https:\/\/www.kletterkonzepte.de\/index.php?rest_route=\/wp\/v2\/pages"}],"about":[{"href":"https:\/\/www.kletterkonzepte.de\/index.php?rest_route=\/wp\/v2\/types\/page"}],"author":[{"embeddable":true,"href":"https:\/\/www.kletterkonzepte.de\/index.php?rest_route=\/wp\/v2\/users\/1"}],"replies":[{"embeddable":true,"href":"https:\/\/www.kletterkonzepte.de\/index.php?rest_route=%2Fwp%2Fv2%2Fcomments&post=4"}],"version-history":[{"count":181,"href":"https:\/\/www.kletterkonzepte.de\/index.php?rest_route=\/wp\/v2\/pages\/4\/revisions"}],"predecessor-version":[{"id":316,"href":"https:\/\/www.kletterkonzepte.de\/index.php?rest_route=\/wp\/v2\/pages\/4\/revisions\/316"}],"wp:featuredmedia":[{"embeddable":true,"href":"https:\/\/www.kletterkonzepte.de\/index.php?rest_route=\/wp\/v2\/media\/10"}],"wp:attachment":[{"href":"https:\/\/www.kletterkonzepte.de\/index.php?rest_route=%2Fwp%2Fv2%2Fmedia&parent=4"}],"curies":[{"name":"wp","href":"https:\/\/api.w.org\/{rel}","templated":true}]}}